{"id":9,"date":"2020-06-11T18:32:41","date_gmt":"2020-06-11T16:32:41","guid":{"rendered":"http:\/\/www.probuergerpark.de\/?page_id=9"},"modified":"2021-02-22T12:07:24","modified_gmt":"2021-02-22T11:07:24","slug":"startseite","status":"publish","type":"page","link":"http:\/\/www.probuergerpark.de\/","title":{"rendered":"Startseite"},"content":{"rendered":"\n<p class=\"has-drop-cap\">Willkommen im <strong><span style=\"color:#075639\" class=\"has-inline-color\">B\u00fcrgerpark<\/span><\/strong>. Ich bin die &#8222;<em>gr\u00fcne Lunge<\/em>&#8220; von Darmstadt!<br>Doch mir dr\u00fcckt man die Luft ab. Es wird immer enger hier. <br>Immer mehr Gr\u00fcnfl\u00e4chen verschwinden. Immer mehr wird zu betoniert. <br><br><strong><span style=\"color:#095a3c\" class=\"has-inline-color\">Wir<\/span><\/strong>, die <strong><span style=\"color:#0b5325\" class=\"has-inline-color\">B\u00fcrgerinitiative Pro B\u00fcrgerpark<\/span><\/strong>, hat etwas dagegen. <br><strong><span style=\"color:#0a4f36\" class=\"has-inline-color\"><strong>Wir<\/strong> <\/span><\/strong>wollen nicht, dass der gr\u00fcne B\u00fcrgerpark immer grauer wird.<br><strong><span style=\"color:#0c4e36\" class=\"has-inline-color\">Wir <\/span><\/strong>lieben dieses Erholungsgebiet, und k\u00e4mpfen f\u00fcr seinen Erhalt!<br><br>Bist <strong><span style=\"color:#0d563b\" class=\"has-inline-color\">Du <\/span><\/strong>dabei? Wir freuen uns \u00fcber deine Unterst\u00fctzung!<\/p>\n\n\n\n<figure class=\"wp-block-video\"><video controls src=\"http:\/\/www.probuergerpark.de\/wp-content\/uploads\/2021\/02\/7.-Pro-Buergerpark-.mp4\"><\/video><figcaption>Aktuelles Video: Hier erf\u00e4hrst Du worum es uns geht!<\/figcaption><\/figure>\n","protected":false},"excerpt":{"rendered":"<p>Willkommen im B\u00fcrgerpark. Ich bin die &#8222;gr\u00fcne Lunge&#8220; von Darmstadt!Doch mir dr\u00fcckt man die Luft ab. Es wird immer enger hier. Immer mehr Gr\u00fcnfl\u00e4chen verschwinden. Immer mehr wird zu betoniert. Wir, die B\u00fcrgerinitiative Pro B\u00fcrgerpark, hat etwas dagegen. Wir wollen nicht, dass der gr\u00fcne B\u00fcrgerpark immer grauer wird.Wir lieben dieses Erholungsgebiet, und k\u00e4mpfen f\u00fcr seinen &hellip; <\/p>\n<p class=\"link-more\"><a href=\"http:\/\/www.probuergerpark.de\/\" class=\"more-link\"><span class=\"screen-reader-text\">\u201eStartseite\u201c <\/span>weiterlesen<\/a><\/p>\n","protected":false},"author":48,"featured_media":0,"parent":0,"menu_order":0,"comment_status":"closed","ping_status":"closed","template":"","meta":{"footnotes":""},"_links":{"self":[{"href":"http:\/\/www.probuergerpark.de\/index.php?rest_route=\/wp\/v2\/pages\/9"}],"collection":[{"href":"http:\/\/www.probuergerpark.de\/index.php?rest_route=\/wp\/v2\/pages"}],"about":[{"href":"http:\/\/www.probuergerpark.de\/index.php?rest_route=\/wp\/v2\/types\/page"}],"author":[{"embeddable":true,"href":"http:\/\/www.probuergerpark.de\/index.php?rest_route=\/wp\/v2\/users\/48"}],"replies":[{"embeddable":true,"href":"http:\/\/www.probuergerpark.de\/index.php?rest_route=%2Fwp%2Fv2%2Fcomments&post=9"}],"version-history":[{"count":8,"href":"http:\/\/www.probuergerpark.de\/index.php?rest_route=\/wp\/v2\/pages\/9\/revisions"}],"predecessor-version":[{"id":143,"href":"http:\/\/www.probuergerpark.de\/index.php?rest_route=\/wp\/v2\/pages\/9\/revisions\/143"}],"wp:attachment":[{"href":"http:\/\/www.probuergerpark.de\/index.php?rest_route=%2Fwp%2Fv2%2Fmedia&parent=9"}],"curies":[{"name":"wp","href":"https:\/\/api.w.org\/{rel}","templated":true}]}}